{"id":5652,"date":"2024-07-05T12:50:56","date_gmt":"2024-07-05T16:50:56","guid":{"rendered":"https:\/\/2degres.com\/?page_id=5652"},"modified":"2025-02-21T11:34:10","modified_gmt":"2025-02-21T16:34:10","slug":"projets-strategiques","status":"publish","type":"page","link":"https:\/\/2degres.com\/en\/projets-strategiques\/","title":{"rendered":"Projets strat\u00e9giques"},"content":{"rendered":"<p>[vc_row css_animation=&nbsp;&raquo;&nbsp;&raquo; row_type=&nbsp;&raquo;row&nbsp;&raquo; use_row_as_full_screen_section=&nbsp;&raquo;no&nbsp;&raquo; type=&nbsp;&raquo;full_width&nbsp;&raquo; angled_section=&nbsp;&raquo;no&nbsp;&raquo; text_align=&nbsp;&raquo;left&nbsp;&raquo; background_image_as_pattern=&nbsp;&raquo;without_pattern&nbsp;&raquo;][vc_column][vc_column_text]<\/p>\n<h5>Axe valorisation&nbsp; &nbsp;<img decoding=\"async\" src=\"https:\/\/2degres.com\/wp-content\/uploads\/2020\/03\/Ligne.png\" alt=\"\" width=\"76\" height=\"2\"><\/h5>\n<p>[\/vc_column_text][vc_empty_space][vc_column_text]<span style=\"font-weight: 400;\">Notre mission est de <\/span><span style=\"font-weight: 400;\">favoriser l&rsquo;essor d&rsquo;entreprises prosp&egrave;res en technologies propres, d&rsquo;acc&eacute;l&eacute;rer notre transition &eacute;cologique &agrave; travers l&rsquo;entrepreneuriat, l&rsquo;innovation et la collaboration et de contribuer activement &agrave; la cr&eacute;ation de richesses durables en r&eacute;ponse aux plus grands enjeux soci&eacute;taux.<\/span><\/p>\n<p>&nbsp;<\/p>\n<p><span style=\"font-weight: 400;\">Pour atteindre cet objectif, nous rassemblons dans un m&ecirc;me lieu et dans un esprit commun des entrepreneurs, des communaut&eacute;s d&rsquo;affaires, des milieux institutionnels, industriels, acad&eacute;miques et gouvernementaux, ainsi que des ressources et experts chevronn&eacute;s. <\/span><\/p>\n<p>&nbsp;<\/p>\n<p><span style=\"font-weight: 400;\">Cette mobilisation se concr&eacute;tise aussi &agrave; travers de notre axe valorisation.<\/span><\/p>\n<p>&nbsp;<\/p>\n<p>L&rsquo;axe valorisation regroupe des initiatives structurantes et collaboratives ax&eacute;es sur la mobilisation des milieux gouvernementaux, acad&eacute;miques, corporatifs et entrepreneuriaux afin de valoriser notre potentiel et notre capital intellectuel collectif et de r&eacute;pondre par l&rsquo;entrepreneuriat, l&rsquo;innovation et la collaboration &agrave; des objectifs communs.[\/vc_column_text][vc_empty_space height=&nbsp;&raquo;105px&nbsp;&raquo;][\/vc_column][\/vc_row][vc_row css_animation=&nbsp;&raquo;&nbsp;&raquo; row_type=&nbsp;&raquo;row&nbsp;&raquo; use_row_as_full_screen_section=&nbsp;&raquo;no&nbsp;&raquo; type=&nbsp;&raquo;full_width&nbsp;&raquo; angled_section=&nbsp;&raquo;no&nbsp;&raquo; text_align=&nbsp;&raquo;left&nbsp;&raquo; background_image_as_pattern=&nbsp;&raquo;without_pattern&nbsp;&raquo;][vc_column][qode_elements_holder number_of_columns=&nbsp;&raquo;two_columns&nbsp;&raquo; columns_proportion=&nbsp;&raquo;66_33&Prime;][qode_elements_holder_item advanced_animations=&nbsp;&raquo;no&nbsp;&raquo;][vc_column_text]<\/p>\n<h5>Nos projets structurants&nbsp; &nbsp;<img decoding=\"async\" src=\"https:\/\/2degres.com\/wp-content\/uploads\/2020\/03\/Ligne.png\" alt=\"\" width=\"76\" height=\"2\"><\/h5>\n<p>[\/vc_column_text][vc_empty_space height=&nbsp;&raquo;80px&nbsp;&raquo;][\/qode_elements_holder_item][\/qode_elements_holder][\/vc_column][\/vc_row][vc_row css_animation=&nbsp;&raquo;&nbsp;&raquo; row_type=&nbsp;&raquo;row&nbsp;&raquo; use_row_as_full_screen_section=&nbsp;&raquo;yes&nbsp;&raquo; type=&nbsp;&raquo;grid&nbsp;&raquo; angled_section=&nbsp;&raquo;no&nbsp;&raquo; text_align=&nbsp;&raquo;left&nbsp;&raquo; background_image_as_pattern=&nbsp;&raquo;without_pattern&nbsp;&raquo; z_index=&nbsp;&raquo;&nbsp;&raquo; css=&nbsp;&raquo;.vc_custom_1740155616014{background-color: #ffffff !important;}&nbsp;&raquo;][vc_column width=&nbsp;&raquo;1\/2&Prime;]<\/p><div class=\"qode-info-card\">\n\t\t<div class=\"qode-info-card-text-holder\" style=\"background-color:#f7f7f7\">\n\t\t\t\t\t<h3 class=\"qode-info-card-title\">\n\t\t\t\tConsortium en technologies propres\t\t\t<\/h3>\n\t\t\t\t\t\t\t<p class=\"qode-info-card-text\">\n\t\t\t\tMod&egrave;le collaboratif et structurant de cr&eacute;ation de startups visant &agrave; offrir un continuum d&#700;accompagnement entrepreneurial en technologies propres, de l&#700;id&eacute;ation &agrave; la commercialisation.\t\t\t<\/p>\n\t\t\t<\/div>\n\t<\/div>[vc_separator type=&nbsp;&raquo;normal&nbsp;&raquo;]<a itemprop=\"url\" href=\"https:\/\/2degres.com\/consortium-en-technologies-propres\/\" target=\"_self\" class=\"qbutton  small center default\" style=\"border-radius: 15px;-moz-border-radius: 15px;-webkit-border-radius: 15px; \">En savoir plus<\/a>[\/vc_column][vc_column width=&nbsp;&raquo;1\/2&Prime;]<div class=\"qode-info-card\">\n\t\t<div class=\"qode-info-card-text-holder\" style=\"background-color:#f7f7f7\">\n\t\t\t\t\t<h3 class=\"qode-info-card-title\">\n\t\t\t\tCarrefour de l'eau\t\t\t<\/h3>\n\t\t\t\t\t\t\t<p class=\"qode-info-card-text\">\n\t\t\t\tP&ocirc;le de qualibre international de recherche, d&rsquo;innovation, d&rsquo;&eacute;ducation et de mobilisation sur l&rsquo;utilisation responsable et durable de l&rsquo;eau au b&eacute;n&eacute;fice des citoyens et citoyennes.\t\t\t<\/p>\n\t\t\t<\/div>\n\t<\/div>[vc_separator type=&nbsp;&raquo;normal&nbsp;&raquo;]<a itemprop=\"url\" href=\"https:\/\/2degres.com\/carrefour-de-leau\/\" target=\"_self\" class=\"qbutton  small center default\" style=\"border-radius: 15px;-moz-border-radius: 15px;-webkit-border-radius: 15px; \">En savoir plus<\/a>[\/vc_column][\/vc_row][vc_row css_animation=&nbsp;&raquo;&nbsp;&raquo; row_type=&nbsp;&raquo;row&nbsp;&raquo; use_row_as_full_screen_section=&nbsp;&raquo;no&nbsp;&raquo; type=&nbsp;&raquo;full_width&nbsp;&raquo; angled_section=&nbsp;&raquo;no&nbsp;&raquo; text_align=&nbsp;&raquo;left&nbsp;&raquo; background_image_as_pattern=&nbsp;&raquo;without_pattern&nbsp;&raquo;][vc_column][vc_empty_space height=&nbsp;&raquo;80px&nbsp;&raquo;][\/vc_column][\/vc_row]\n","protected":false},"excerpt":{"rendered":"<p>[vc_row css_animation=\u00a0\u00bb\u00a0\u00bb row_type=\u00a0\u00bbrow\u00a0\u00bb use_row_as_full_screen_section=\u00a0\u00bbno\u00a0\u00bb type=\u00a0\u00bbfull_width\u00a0\u00bb angled_section=\u00a0\u00bbno\u00a0\u00bb text_align=\u00a0\u00bbleft\u00a0\u00bb background_image_as_pattern=\u00a0\u00bbwithout_pattern\u00a0\u00bb][vc_column][vc_column_text] Axe valorisation\u00a0 \u00a0 [\/vc_column_text][vc_empty_space][vc_column_text]Notre mission est de favoriser l\u2019essor d\u2019entreprises prosp\u00e8res en technologies propres, d\u2019acc\u00e9l\u00e9rer notre transition \u00e9cologique \u00e0 travers l&rsquo;entrepreneuriat, l&rsquo;innovation et la collaboration et de contribuer activement \u00e0 la cr\u00e9ation de richesses durables en r\u00e9ponse&#8230;<\/p>\n","protected":false},"author":4,"featured_media":0,"parent":0,"menu_order":0,"comment_status":"closed","ping_status":"closed","template":"","meta":{"_acf_changed":false,"inline_featured_image":false,"footnotes":""},"class_list":["post-5652","page","type-page","status-publish","hentry"],"acf":[],"yoast_head":"<!-- This site is optimized with the Yoast SEO plugin v27.4 - https:\/\/yoast.com\/product\/yoast-seo-wordpress\/ -->\n<title>Projets strat\u00e9giques - 2 Degr\u00e9s<\/title>\n<meta name=\"robots\" content=\"index, follow, max-snippet:-1, max-image-preview:large, max-video-preview:-1\" \/>\n<link rel=\"canonical\" href=\"https:\/\/2degres.com\/projets-strategiques\/\" \/>\n<meta property=\"og:locale\" content=\"fr_FR\" \/>\n<meta property=\"og:type\" content=\"article\" \/>\n<meta property=\"og:title\" content=\"Projets strat\u00e9giques - 2 Degr\u00e9s\" \/>\n<meta property=\"og:description\" content=\"[vc_row css_animation=\u00a0\u00bb\u00a0\u00bb row_type=\u00a0\u00bbrow\u00a0\u00bb use_row_as_full_screen_section=\u00a0\u00bbno\u00a0\u00bb type=\u00a0\u00bbfull_width\u00a0\u00bb angled_section=\u00a0\u00bbno\u00a0\u00bb text_align=\u00a0\u00bbleft\u00a0\u00bb background_image_as_pattern=\u00a0\u00bbwithout_pattern\u00a0\u00bb][vc_column][vc_column_text] Axe valorisation\u00a0 \u00a0 [\/vc_column_text][vc_empty_space][vc_column_text]Notre mission est de favoriser l\u2019essor d\u2019entreprises prosp\u00e8res en technologies propres, d\u2019acc\u00e9l\u00e9rer notre transition \u00e9cologique \u00e0 travers l&rsquo;entrepreneuriat, l&rsquo;innovation et la collaboration et de contribuer activement \u00e0 la cr\u00e9ation de richesses durables en r\u00e9ponse...\" \/>\n<meta property=\"og:url\" content=\"https:\/\/2degres.com\/projets-strategiques\/\" \/>\n<meta property=\"og:site_name\" content=\"2 Degr\u00e9s\" \/>\n<meta property=\"article:modified_time\" content=\"2025-02-21T16:34:10+00:00\" \/>\n<meta property=\"og:image\" content=\"https:\/\/2degres.com\/wp-content\/uploads\/2020\/03\/Ligne.png\" \/>\n<meta name=\"twitter:card\" content=\"summary_large_image\" \/>\n<meta name=\"twitter:label1\" content=\"Dur\u00e9e de lecture estim\u00e9e\" \/>\n\t<meta name=\"twitter:data1\" content=\"2 minutes\" \/>\n<script type=\"application\/ld+json\" class=\"yoast-schema-graph\">{\"@context\":\"https:\\\/\\\/schema.org\",\"@graph\":[{\"@type\":\"WebPage\",\"@id\":\"https:\\\/\\\/2degres.com\\\/projets-strategiques\\\/\",\"url\":\"https:\\\/\\\/2degres.com\\\/projets-strategiques\\\/\",\"name\":\"Projets strat\u00e9giques - 2 Degr\u00e9s\",\"isPartOf\":{\"@id\":\"https:\\\/\\\/2degres.com\\\/#website\"},\"primaryImageOfPage\":{\"@id\":\"https:\\\/\\\/2degres.com\\\/projets-strategiques\\\/#primaryimage\"},\"image\":{\"@id\":\"https:\\\/\\\/2degres.com\\\/projets-strategiques\\\/#primaryimage\"},\"thumbnailUrl\":\"https:\\\/\\\/2degres.com\\\/wp-content\\\/uploads\\\/2020\\\/03\\\/Ligne.png\",\"datePublished\":\"2024-07-05T16:50:56+00:00\",\"dateModified\":\"2025-02-21T16:34:10+00:00\",\"breadcrumb\":{\"@id\":\"https:\\\/\\\/2degres.com\\\/projets-strategiques\\\/#breadcrumb\"},\"inLanguage\":\"fr-FR\",\"potentialAction\":[{\"@type\":\"ReadAction\",\"target\":[\"https:\\\/\\\/2degres.com\\\/projets-strategiques\\\/\"]}]},{\"@type\":\"ImageObject\",\"inLanguage\":\"fr-FR\",\"@id\":\"https:\\\/\\\/2degres.com\\\/projets-strategiques\\\/#primaryimage\",\"url\":\"https:\\\/\\\/2degres.com\\\/wp-content\\\/uploads\\\/2020\\\/03\\\/Ligne.png\",\"contentUrl\":\"https:\\\/\\\/2degres.com\\\/wp-content\\\/uploads\\\/2020\\\/03\\\/Ligne.png\",\"width\":76,\"height\":2},{\"@type\":\"BreadcrumbList\",\"@id\":\"https:\\\/\\\/2degres.com\\\/projets-strategiques\\\/#breadcrumb\",\"itemListElement\":[{\"@type\":\"ListItem\",\"position\":1,\"name\":\"Accueil\",\"item\":\"https:\\\/\\\/2degres.com\\\/\"},{\"@type\":\"ListItem\",\"position\":2,\"name\":\"Projets strat\u00e9giques\"}]},{\"@type\":\"WebSite\",\"@id\":\"https:\\\/\\\/2degres.com\\\/#website\",\"url\":\"https:\\\/\\\/2degres.com\\\/\",\"name\":\"2 Degr\u00e9s\",\"description\":\"Incubateur en technologies propres\",\"potentialAction\":[{\"@type\":\"SearchAction\",\"target\":{\"@type\":\"EntryPoint\",\"urlTemplate\":\"https:\\\/\\\/2degres.com\\\/?s={search_term_string}\"},\"query-input\":{\"@type\":\"PropertyValueSpecification\",\"valueRequired\":true,\"valueName\":\"search_term_string\"}}],\"inLanguage\":\"fr-FR\"}]}<\/script>\n<!-- \/ Yoast SEO plugin. -->","yoast_head_json":{"title":"Projets strat\u00e9giques - 2 Degr\u00e9s","robots":{"index":"index","follow":"follow","max-snippet":"max-snippet:-1","max-image-preview":"max-image-preview:large","max-video-preview":"max-video-preview:-1"},"canonical":"https:\/\/2degres.com\/projets-strategiques\/","og_locale":"fr_FR","og_type":"article","og_title":"Projets strat\u00e9giques - 2 Degr\u00e9s","og_description":"[vc_row css_animation=\u00a0\u00bb\u00a0\u00bb row_type=\u00a0\u00bbrow\u00a0\u00bb use_row_as_full_screen_section=\u00a0\u00bbno\u00a0\u00bb type=\u00a0\u00bbfull_width\u00a0\u00bb angled_section=\u00a0\u00bbno\u00a0\u00bb text_align=\u00a0\u00bbleft\u00a0\u00bb background_image_as_pattern=\u00a0\u00bbwithout_pattern\u00a0\u00bb][vc_column][vc_column_text] Axe valorisation\u00a0 \u00a0 [\/vc_column_text][vc_empty_space][vc_column_text]Notre mission est de favoriser l\u2019essor d\u2019entreprises prosp\u00e8res en technologies propres, d\u2019acc\u00e9l\u00e9rer notre transition \u00e9cologique \u00e0 travers l&rsquo;entrepreneuriat, l&rsquo;innovation et la collaboration et de contribuer activement \u00e0 la cr\u00e9ation de richesses durables en r\u00e9ponse...","og_url":"https:\/\/2degres.com\/projets-strategiques\/","og_site_name":"2 Degr\u00e9s","article_modified_time":"2025-02-21T16:34:10+00:00","og_image":[{"url":"https:\/\/2degres.com\/wp-content\/uploads\/2020\/03\/Ligne.png","type":"","width":"","height":""}],"twitter_card":"summary_large_image","twitter_misc":{"Dur\u00e9e de lecture estim\u00e9e":"2 minutes"},"schema":{"@context":"https:\/\/schema.org","@graph":[{"@type":"WebPage","@id":"https:\/\/2degres.com\/projets-strategiques\/","url":"https:\/\/2degres.com\/projets-strategiques\/","name":"Projets strat\u00e9giques - 2 Degr\u00e9s","isPartOf":{"@id":"https:\/\/2degres.com\/#website"},"primaryImageOfPage":{"@id":"https:\/\/2degres.com\/projets-strategiques\/#primaryimage"},"image":{"@id":"https:\/\/2degres.com\/projets-strategiques\/#primaryimage"},"thumbnailUrl":"https:\/\/2degres.com\/wp-content\/uploads\/2020\/03\/Ligne.png","datePublished":"2024-07-05T16:50:56+00:00","dateModified":"2025-02-21T16:34:10+00:00","breadcrumb":{"@id":"https:\/\/2degres.com\/projets-strategiques\/#breadcrumb"},"inLanguage":"fr-FR","potentialAction":[{"@type":"ReadAction","target":["https:\/\/2degres.com\/projets-strategiques\/"]}]},{"@type":"ImageObject","inLanguage":"fr-FR","@id":"https:\/\/2degres.com\/projets-strategiques\/#primaryimage","url":"https:\/\/2degres.com\/wp-content\/uploads\/2020\/03\/Ligne.png","contentUrl":"https:\/\/2degres.com\/wp-content\/uploads\/2020\/03\/Ligne.png","width":76,"height":2},{"@type":"BreadcrumbList","@id":"https:\/\/2degres.com\/projets-strategiques\/#breadcrumb","itemListElement":[{"@type":"ListItem","position":1,"name":"Accueil","item":"https:\/\/2degres.com\/"},{"@type":"ListItem","position":2,"name":"Projets strat\u00e9giques"}]},{"@type":"WebSite","@id":"https:\/\/2degres.com\/#website","url":"https:\/\/2degres.com\/","name":"2 Degr\u00e9s","description":"Incubateur en technologies propres","potentialAction":[{"@type":"SearchAction","target":{"@type":"EntryPoint","urlTemplate":"https:\/\/2degres.com\/?s={search_term_string}"},"query-input":{"@type":"PropertyValueSpecification","valueRequired":true,"valueName":"search_term_string"}}],"inLanguage":"fr-FR"}]}},"_links":{"self":[{"href":"https:\/\/2degres.com\/en\/wp-json\/wp\/v2\/pages\/5652","targetHints":{"allow":["GET"]}}],"collection":[{"href":"https:\/\/2degres.com\/en\/wp-json\/wp\/v2\/pages"}],"about":[{"href":"https:\/\/2degres.com\/en\/wp-json\/wp\/v2\/types\/page"}],"author":[{"embeddable":true,"href":"https:\/\/2degres.com\/en\/wp-json\/wp\/v2\/users\/4"}],"replies":[{"embeddable":true,"href":"https:\/\/2degres.com\/en\/wp-json\/wp\/v2\/comments?post=5652"}],"version-history":[{"count":65,"href":"https:\/\/2degres.com\/en\/wp-json\/wp\/v2\/pages\/5652\/revisions"}],"predecessor-version":[{"id":6932,"href":"https:\/\/2degres.com\/en\/wp-json\/wp\/v2\/pages\/5652\/revisions\/6932"}],"wp:attachment":[{"href":"https:\/\/2degres.com\/en\/wp-json\/wp\/v2\/media?parent=5652"}],"curies":[{"name":"wp","href":"https:\/\/api.w.org\/{rel}","templated":true}]}}